{"id":2981,"date":"2024-11-16T15:20:32","date_gmt":"2024-11-16T18:20:32","guid":{"rendered":"https:\/\/ispaf-for.infd.edu.ar\/sitio\/?page_id=2981"},"modified":"2026-08-28T17:19:25","modified_gmt":"2026-08-28T20:19:25","slug":"practicas-profesionalizantes","status":"publish","type":"page","link":"https:\/\/ispaf-for.infd.edu.ar\/sitio\/practicas-profesionalizantes\/","title":{"rendered":"Formaci\u00f3n T\u00e9cnica"},"content":{"rendered":"\n<h1 class=\"wp-block-heading has-text-align-center\"><strong>Pr\u00e1cticas Profesionalizantes<\/strong><\/h1>\n\n\n\n<hr class=\"wp-block-separator has-alpha-channel-opacity\"\/>\n\n\n\n<h3 class=\"wp-block-heading\"><em>Formaci\u00f3n que conecta el aprendizaje con la pr\u00e1ctica profesional<\/em><\/h3>\n\n\n\n<blockquote class=\"wp-block-quote\">\n<p>Un espacio destinado a fortalecer la formaci\u00f3n de nuestros estudiantes mediante experiencias concretas vinculadas con el campo profesional, favoreciendo la adquisici\u00f3n de conocimientos, habilidades y competencias para su futuro desempe\u00f1o laboral.<\/p>\n<\/blockquote>\n\n\n\n<div class=\"wp-block-columns is-layout-flex wp-container-4\">\n<div class=\"wp-block-column is-layout-flow\">\n<figure class=\"wp-block-image size-full\"><a href=\"https:\/\/drive.google.com\/file\/d\/1mJUGDRMhYsGFSDe0SEIGFvFigtpfSnve\/view?usp=drive_link\"><img decoding=\"async\" loading=\"lazy\" width=\"300\" height=\"300\" src=\"https:\/\/ispaf-for.infd.edu.ar\/sitio\/wp-content\/uploads\/2024\/11\/PRACTICAS-PROFESIONALIZANTES-3.jpg\" alt=\"\" class=\"wp-image-3052\"\/><\/a><\/figure>\n<\/div>\n\n\n\n<div class=\"wp-block-column is-layout-flow\">\n<figure class=\"wp-block-image size-full\"><a href=\"https:\/\/drive.google.com\/file\/d\/1_aNCtrSGn3sJV3z0pjZ3nsakAQW0BisH\/view?usp=drive_link\"><img decoding=\"async\" loading=\"lazy\" width=\"300\" height=\"300\" src=\"https:\/\/ispaf-for.infd.edu.ar\/sitio\/wp-content\/uploads\/2024\/11\/yo-soy-formosa-02-2.jpg\" alt=\"\" class=\"wp-image-3048\"\/><\/a><\/figure>\n<\/div>\n\n\n\n<div class=\"wp-block-column is-layout-flow\">\n<figure class=\"wp-block-image size-full\"><a href=\"https:\/\/drive.google.com\/file\/d\/17HpFT4IV_UVUJaRwgDulKpBiRt6z4tjs\/view?usp=drive_link\"><img decoding=\"async\" loading=\"lazy\" width=\"300\" height=\"300\" src=\"https:\/\/ispaf-for.infd.edu.ar\/sitio\/wp-content\/uploads\/2024\/11\/Huella-2-2.jpg\" alt=\"\" class=\"wp-image-3049\"\/><\/a><\/figure>\n<\/div>\n<\/div>\n\n\n\n<figure class=\"wp-block-image\"><img decoding=\"async\" src=\"blob:https:\/\/ispaf-for.infd.edu.ar\/c6d23081-f9ab-4605-8c88-2faf58dd6596\" alt=\"\"\/><\/figure>\n\n\n\n<figure class=\"wp-block-image\"><img decoding=\"async\" src=\"blob:https:\/\/ispaf-for.infd.edu.ar\/1901793c-bd11-4180-8082-6c19a325824b\" alt=\"\"\/><\/figure>\n\n\n\n<div class=\"wp-block-columns is-layout-flex wp-container-16\">\n<div class=\"wp-block-column is-layout-flow\" style=\"flex-basis:100%\">\n<div class=\"wp-block-columns is-layout-flex wp-container-8\">\n<div class=\"wp-block-column is-layout-flow\">\n<figure class=\"wp-block-image size-full\"><a href=\"https:\/\/drive.google.com\/file\/d\/1kqbzOaCQ6ZRYAwT71Dt2R9--R2nKSZlg\/view?usp=drive_link\"><img decoding=\"async\" loading=\"lazy\" width=\"300\" height=\"300\" src=\"https:\/\/ispaf-for.infd.edu.ar\/sitio\/wp-content\/uploads\/2024\/11\/Futbol-femenino2-2.jpg\" alt=\"\" class=\"wp-image-3059\"\/><\/a><\/figure>\n<\/div>\n\n\n\n<div class=\"wp-block-column is-layout-flow\">\n<figure class=\"wp-block-image size-full\"><a href=\"https:\/\/youtu.be\/H84eCygZFBY\"><img decoding=\"async\" loading=\"lazy\" width=\"300\" height=\"300\" src=\"https:\/\/ispaf-for.infd.edu.ar\/sitio\/wp-content\/uploads\/2024\/11\/ENFOQUES-01-1.jpg\" alt=\"\" class=\"wp-image-3051\"\/><\/a><\/figure>\n<\/div>\n\n\n\n<div class=\"wp-block-column is-layout-flow\">\n<figure class=\"wp-block-image size-full\"><a href=\"https:\/\/drive.google.com\/file\/d\/1rVV22DmthVBKo39uUn3zovOp4QaiQtRO\/view?usp=drive_link\"><img decoding=\"async\" loading=\"lazy\" width=\"300\" height=\"300\" src=\"https:\/\/ispaf-for.infd.edu.ar\/sitio\/wp-content\/uploads\/2024\/11\/diario-escolar-1-OK-2.jpg\" alt=\"\" class=\"wp-image-3054\"\/><\/a><\/figure>\n<\/div>\n<\/div>\n\n\n\n<div class=\"wp-block-columns is-layout-flex wp-container-12\">\n<div class=\"wp-block-column is-layout-flow\">\n<figure class=\"wp-block-image size-full\"><a href=\"https:\/\/drive.google.com\/file\/d\/1q_ftZ_d46-Kl3Bc9tZHOb2xgEzFdCDC8\/view?usp=drive_link\"><img decoding=\"async\" loading=\"lazy\" width=\"300\" height=\"300\" src=\"https:\/\/ispaf-for.infd.edu.ar\/sitio\/wp-content\/uploads\/2024\/11\/diario-escolar-2-OK-1.jpg\" alt=\"\" class=\"wp-image-3055\"\/><\/a><\/figure>\n<\/div>\n\n\n\n<div class=\"wp-block-column is-layout-flow\"><\/div>\n\n\n\n<div class=\"wp-block-column is-layout-flow\"><\/div>\n<\/div>\n\n\n\n<div class=\"wp-block-columns is-layout-flex wp-container-14\">\n<div class=\"wp-block-column is-layout-flow\"><\/div>\n<\/div>\n<\/div>\n<\/div>\n","protected":false},"excerpt":{"rendered":"<p>Pr\u00e1cticas Profesionalizantes Formaci\u00f3n que conecta el aprendizaje con la pr\u00e1ctica profesional Un espacio destinado a fortalecer la formaci\u00f3n de nuestros estudiantes mediante experiencias concretas vinculadas con el campo profesional, favoreciendo la adquisici\u00f3n de conocimientos, habilidades y competencias para su futuro desempe\u00f1o laboral.<\/p>\n","protected":false},"author":851,"featured_media":0,"parent":0,"menu_order":0,"comment_status":"closed","ping_status":"closed","template":"","meta":[],"acf":[],"_links":{"self":[{"href":"https:\/\/ispaf-for.infd.edu.ar\/sitio\/wp-json\/wp\/v2\/pages\/2981"}],"collection":[{"href":"https:\/\/ispaf-for.infd.edu.ar\/sitio\/wp-json\/wp\/v2\/pages"}],"about":[{"href":"https:\/\/ispaf-for.infd.edu.ar\/sitio\/wp-json\/wp\/v2\/types\/page"}],"author":[{"embeddable":true,"href":"https:\/\/ispaf-for.infd.edu.ar\/sitio\/wp-json\/wp\/v2\/users\/851"}],"replies":[{"embeddable":true,"href":"https:\/\/ispaf-for.infd.edu.ar\/sitio\/wp-json\/wp\/v2\/comments?post=2981"}],"version-history":[{"count":20,"href":"https:\/\/ispaf-for.infd.edu.ar\/sitio\/wp-json\/wp\/v2\/pages\/2981\/revisions"}],"predecessor-version":[{"id":3409,"href":"https:\/\/ispaf-for.infd.edu.ar\/sitio\/wp-json\/wp\/v2\/pages\/2981\/revisions\/3409"}],"wp:attachment":[{"href":"https:\/\/ispaf-for.infd.edu.ar\/sitio\/wp-json\/wp\/v2\/media?parent=2981"}],"curies":[{"name":"wp","href":"https:\/\/api.w.org\/{rel}","templated":true}]}}